{"id":325,"date":"2025-02-18T16:38:56","date_gmt":"2025-02-18T15:38:56","guid":{"rendered":"https:\/\/fradevents.com\/?page_id=325"},"modified":"2026-01-16T16:49:54","modified_gmt":"2026-01-16T15:49:54","slug":"wedding-planner","status":"publish","type":"page","link":"https:\/\/fradevents.com\/index.php\/wedding-planner\/","title":{"rendered":"WEDDING PLANNER"},"content":{"rendered":"\n<div class=\"wp-block-group alignfull has-accent-background-color has-background has-global-padding is-layout-constrained wp-container-core-group-is-layout-669513ed wp-block-group-is-layout-constrained\" style=\"margin-top:0;margin-bottom:0;padding-top:var(--wp--preset--spacing--50);padding-right:var(--wp--preset--spacing--50);padding-bottom:var(--wp--preset--spacing--50);padding-left:var(--wp--preset--spacing--50)\">\n<div class=\"wp-block-columns alignwide is-layout-flex wp-container-core-columns-is-layout-1da03c2a wp-block-columns-is-layout-flex\">\n<div class=\"wp-block-column is-vertically-aligned-stretch is-layout-flow wp-block-column-is-layout-flow\" style=\"flex-basis:50%\">\n<div class=\"wp-block-group is-vertical is-content-justification-stretch is-layout-flex wp-container-core-group-is-layout-444d5ee8 wp-block-group-is-layout-flex\" style=\"min-height:100%\">\n<p class=\"has-nunito-font-family has-large-font-size\" style=\"line-height:1.2\"><strong>Organiser un mariage est une aventure unique, remplie d\u2019\u00e9motions et de d\u00e9tails \u00e0 orchestrer. <\/strong><\/p>\n\n\n\n<p>En tant que <strong>wedding planner<\/strong>, mon r\u00f4le est de <strong>vous accompagner<\/strong> \u00e0 chaque \u00e9tape pour cr\u00e9er un \u00e9v\u00e9nement \u00e0 votre image, sans stress et en<strong> toute s\u00e9r\u00e9nit\u00e9<\/strong>. De la <strong>planification<\/strong> minutieuse \u00e0 la <strong>coordination <\/strong>du jour J, je mets \u00e0 votre service mon expertise, <strong>mon r\u00e9seau de partenaires<\/strong> et ma passion pour faire de votre mariage un <strong>moment inoubliable.<\/strong> Chaque d\u00e9tail compte, et ensemble, nous construirons une journ\u00e9e qui <strong>vous ressemble<\/strong>, avec une <strong>touche d\u2019\u00e9l\u00e9gance<\/strong> et d\u2019authenticit\u00e9.<\/p>\n\n\n\n<p class=\"has-nunito-font-family has-medium-font-size\" style=\"line-height:1.2\"><strong>Confiez-moi votre histoire<\/strong> !<\/p>\n<\/div>\n<\/div>\n\n\n\n<div class=\"wp-block-column is-vertically-aligned-center is-layout-flow wp-block-column-is-layout-flow\" style=\"flex-basis:50%\">\n<figure class=\"wp-block-image size-large is-resized is-style-rounded wp-duotone-duotone-1 is-style-rounded--1\"><img loading=\"lazy\" decoding=\"async\" width=\"768\" height=\"1024\" src=\"https:\/\/fradevents.com\/wp-content\/uploads\/2025\/02\/WhatsApp-Image-2024-10-24-a-16.35.09_f7c8233d-2-768x1024.jpg\" alt=\"\" class=\"wp-image-326\" style=\"aspect-ratio:3\/4;object-fit:cover;width:auto;height:350px\" srcset=\"https:\/\/fradevents.com\/wp-content\/uploads\/2025\/02\/WhatsApp-Image-2024-10-24-a-16.35.09_f7c8233d-2-768x1024.jpg 768w, https:\/\/fradevents.com\/wp-content\/uploads\/2025\/02\/WhatsApp-Image-2024-10-24-a-16.35.09_f7c8233d-2-225x300.jpg 225w, https:\/\/fradevents.com\/wp-content\/uploads\/2025\/02\/WhatsApp-Image-2024-10-24-a-16.35.09_f7c8233d-2-1152x1536.jpg 1152w, https:\/\/fradevents.com\/wp-content\/uploads\/2025\/02\/WhatsApp-Image-2024-10-24-a-16.35.09_f7c8233d-2.jpg 1272w\" sizes=\"auto, (max-width: 768px) 100vw, 768px\" \/><\/figure>\n<\/div>\n<\/div>\n<\/div>\n\n\n\n<div class=\"wp-block-group alignfull has-medium-font-size is-layout-flow wp-block-group-is-layout-flow\">\n<h2 class=\"wp-block-heading has-text-align-center has-base-color has-contrast-background-color has-text-color has-background has-link-color has-large-font-size wp-elements-2a47205f4ecf101ba3818bc0d83eb4ea\"><strong>L&rsquo;ORGANISATION<\/strong><\/h2>\n<\/div>\n\n\n\n<div class=\"wp-block-columns alignwide is-layout-flex wp-container-core-columns-is-layout-7777ad41 wp-block-columns-is-layout-flex\" style=\"padding-top:var(--wp--preset--spacing--20);padding-right:var(--wp--preset--spacing--50);padding-bottom:var(--wp--preset--spacing--20);padding-left:var(--wp--preset--spacing--50)\">\n<div class=\"wp-block-column is-layout-flow wp-block-column-is-layout-flow\" style=\"flex-basis:33.33%\">\n<figure class=\"wp-block-image size-full is-resized\"><img loading=\"lazy\" decoding=\"async\" width=\"2560\" height=\"1691\" src=\"https:\/\/fradevents.com\/wp-content\/uploads\/2025\/02\/Depositphotos_191577518_XL-scaled.jpg\" alt=\"\" class=\"wp-image-330\" style=\"width:350px\" srcset=\"https:\/\/fradevents.com\/wp-content\/uploads\/2025\/02\/Depositphotos_191577518_XL-scaled.jpg 2560w, https:\/\/fradevents.com\/wp-content\/uploads\/2025\/02\/Depositphotos_191577518_XL-300x198.jpg 300w, https:\/\/fradevents.com\/wp-content\/uploads\/2025\/02\/Depositphotos_191577518_XL-1024x676.jpg 1024w, https:\/\/fradevents.com\/wp-content\/uploads\/2025\/02\/Depositphotos_191577518_XL-768x507.jpg 768w, https:\/\/fradevents.com\/wp-content\/uploads\/2025\/02\/Depositphotos_191577518_XL-1536x1015.jpg 1536w, https:\/\/fradevents.com\/wp-content\/uploads\/2025\/02\/Depositphotos_191577518_XL-2048x1353.jpg 2048w\" sizes=\"auto, (max-width: 2560px) 100vw, 2560px\" \/><\/figure>\n<\/div>\n\n\n\n<div class=\"wp-block-column is-layout-flow wp-block-column-is-layout-flow\" style=\"flex-basis:66.66%\">\n<div class=\"wp-block-group has-global-padding is-layout-constrained wp-block-group-is-layout-constrained\">\n<p><strong>1\u00e8re \u00e9tape : \u00e9changer<\/strong><\/p>\n\n\n\n<ul class=\"wp-block-list\">\n<li>Rendez-vous pr\u00e9sentation (gratuit et sans engagement) Echange sur les d\u00e9tails de votre mariage et pr\u00e9sentation agence.<\/li>\n\n\n\n<li>Envoi budget estimatif pour donner id\u00e9e de budget global<\/li>\n<\/ul>\n\n\n\n<p><strong>Rendez-vous de travail wedding planner<\/strong><\/p>\n\n\n\n<ul class=\"wp-block-list\">\n<li>Rdv t\u00e9l\u00e9phonique\/visio pour \u00e9changer sur le budget r\u00e9el<\/li>\n\n\n\n<li>Cr\u00e9ation groupe WhatsApp, agenda en ligne, interface client sur google Drive, personnalisation retro-planning, budget r\u00e9el, planning personnalis\u00e9<\/li>\n<\/ul>\n\n\n\n<p><strong>Rapport Lieu de r\u00e9ception<\/strong><\/p>\n\n\n\n<ul class=\"wp-block-list\">\n<li>S\u00e9lection et demande de disponibilit\u00e9s, fiche lieu \u00e0 jour,<\/li>\n\n\n\n<li>Propositions de lieux et tableau budget comparatif<\/li>\n\n\n\n<li>S\u00e9lection mari\u00e9s, organisation visites, r\u00e9servation de la date et blocage de lieu, contrat lieu signature \u00e9lectronique, annonce lieux non choisis<\/li>\n\n\n\n<li>Cr\u00e9ation de plans A, B et plan de salle, liste h\u00e9bergements sur place, liste h\u00e9bergements \u00e0 proximit\u00e9.<\/li>\n<\/ul>\n\n\n\n<p><strong>Prochaines \u00e9tapes<\/strong><\/p>\n\n\n\n<ul class=\"wp-block-list\">\n<li>Save the date, proposition de site en ligne, liens timbres et enveloppes \u00e0 commander<\/li>\n\n\n\n<li>Blog des mari\u00e9s, proposition de sites en ligne et avis sur le contenu r\u00e9alis\u00e9 par les mari\u00e9s Mail t\u00e9moins pr\u00e9sentation et \u00e9changes<\/li>\n\n\n\n<li>Fiche mairie et religions (infos importantes)<\/li>\n\n\n\n<li>Liste de boutiques de robe de mari\u00e9e et accessoires en fonction d&rsquo;un budget et des mod\u00e8les<\/li>\n\n\n\n<li>Bloquer les rendez-vous en fonction des disponibilit\u00e9s<\/li>\n\n\n\n<li>Organisation de la coiffure et du maquillage<\/li>\n<\/ul>\n\n\n\n<p><strong>Proposition prestataires<\/strong><\/p>\n\n\n\n<ul class=\"wp-block-list\">\n<li>Catalogue prestataires en fonction du budget <\/li>\n\n\n\n<li>S\u00e9lection en fonction du budget, v\u00e9rification des tarifs et disponibilit\u00e9s puis propositions aux mari\u00e9s <\/li>\n\n\n\n<li>Envoie de mail invit\u00e9s (h\u00e9bergements, navette, baby-sitter etc&#8230;) et gestion retour <\/li>\n\n\n\n<li>Gestion contrat \u00e9lectronique pour chaque prestataires, ajout et modification du budget, acompte et solde pour rappel automatique <\/li>\n\n\n\n<li>Liste de boutiques costume et accessoires en fonction d&rsquo;un budget et des mod\u00e8les et liste de boutiques alliances en fonction d&rsquo;un budget et des mod\u00e8les <\/li>\n\n\n\n<li>Organisation essaie coiffure et maquillage <\/li>\n\n\n\n<li>Faire-part : proposition de texte personnalis\u00e9, proposition de sites en ligne, liens timbres et enveloppes \u00e0 commander.<\/li>\n<\/ul>\n<\/div>\n<\/div>\n<\/div>\n\n\n\n<div class=\"wp-block-group alignfull has-medium-font-size is-layout-flow wp-block-group-is-layout-flow\">\n<h2 class=\"wp-block-heading has-text-align-center has-base-color has-contrast-background-color has-text-color has-background has-link-color has-large-font-size wp-elements-91bd7150640613092b69006f68d50327\"><strong>LA COORDINATION =&gt; LA VEILLE<\/strong><\/h2>\n<\/div>\n\n\n\n<p><\/p>\n\n\n\n<div class=\"wp-block-columns alignwide is-layout-flex wp-container-core-columns-is-layout-7777ad41 wp-block-columns-is-layout-flex\" style=\"padding-top:var(--wp--preset--spacing--20);padding-right:var(--wp--preset--spacing--50);padding-bottom:var(--wp--preset--spacing--20);padding-left:var(--wp--preset--spacing--50)\">\n<div class=\"wp-block-column is-layout-flow wp-block-column-is-layout-flow\" style=\"flex-basis:33.33%\">\n<figure class=\"wp-block-image size-full is-resized\"><img loading=\"lazy\" decoding=\"async\" width=\"2560\" height=\"1707\" src=\"https:\/\/fradevents.com\/wp-content\/uploads\/2025\/02\/Depositphotos_282644850_XL-scaled.jpg\" alt=\"\" class=\"wp-image-355\" style=\"width:350px\" srcset=\"https:\/\/fradevents.com\/wp-content\/uploads\/2025\/02\/Depositphotos_282644850_XL-scaled.jpg 2560w, https:\/\/fradevents.com\/wp-content\/uploads\/2025\/02\/Depositphotos_282644850_XL-300x200.jpg 300w, https:\/\/fradevents.com\/wp-content\/uploads\/2025\/02\/Depositphotos_282644850_XL-1024x683.jpg 1024w, https:\/\/fradevents.com\/wp-content\/uploads\/2025\/02\/Depositphotos_282644850_XL-768x512.jpg 768w, https:\/\/fradevents.com\/wp-content\/uploads\/2025\/02\/Depositphotos_282644850_XL-1536x1024.jpg 1536w, https:\/\/fradevents.com\/wp-content\/uploads\/2025\/02\/Depositphotos_282644850_XL-2048x1365.jpg 2048w\" sizes=\"auto, (max-width: 2560px) 100vw, 2560px\" \/><\/figure>\n<\/div>\n\n\n\n<div class=\"wp-block-column is-layout-flow wp-block-column-is-layout-flow\" style=\"flex-basis:66.66%\">\n<div class=\"wp-block-group has-global-padding is-layout-constrained wp-block-group-is-layout-constrained\">\n<ul class=\"wp-block-list\">\n<li>1 personne<\/li>\n\n\n\n<li>Organisation avec prestataires<\/li>\n\n\n\n<li>Arriv\u00e9e<strong> \u00e0 partir de 15H00<\/strong><\/li>\n\n\n\n<li>Installation du petit mat\u00e9riel<\/li>\n\n\n\n<li>Coordination prestataires<\/li>\n\n\n\n<li>Guidage des invit\u00e9s<\/li>\n\n\n\n<li>D\u00e9part au <strong>passage \u00e0 table ou au plus tard \u00e0 20H00<\/strong><\/li>\n<\/ul>\n\n\n\n<p><\/p>\n\n\n\n<p><\/p>\n\n\n\n<p><\/p>\n<\/div>\n<\/div>\n<\/div>\n\n\n\n<div class=\"wp-block-group alignfull has-medium-font-size is-layout-flow wp-block-group-is-layout-flow\">\n<h2 class=\"wp-block-heading has-text-align-center has-base-color has-contrast-background-color has-text-color has-background has-link-color has-large-font-size wp-elements-6af093530354e6c9d9d83e9e0548bff6\"><strong>LA COORDINATION =&gt;  LA JOURNEE DU MARIAGE<\/strong><\/h2>\n<\/div>\n\n\n\n<div class=\"wp-block-columns alignwide is-layout-flex wp-container-core-columns-is-layout-7777ad41 wp-block-columns-is-layout-flex\" style=\"padding-top:var(--wp--preset--spacing--20);padding-right:var(--wp--preset--spacing--50);padding-bottom:var(--wp--preset--spacing--20);padding-left:var(--wp--preset--spacing--50)\">\n<div class=\"wp-block-column is-layout-flow wp-block-column-is-layout-flow\" style=\"flex-basis:33.33%\">\n<figure class=\"wp-block-image size-full is-resized\"><img loading=\"lazy\" decoding=\"async\" width=\"2560\" height=\"1706\" src=\"https:\/\/fradevents.com\/wp-content\/uploads\/2025\/02\/Depositphotos_115261602_XL-scaled.jpg\" alt=\"\" class=\"wp-image-347\" style=\"width:350px\" srcset=\"https:\/\/fradevents.com\/wp-content\/uploads\/2025\/02\/Depositphotos_115261602_XL-scaled.jpg 2560w, https:\/\/fradevents.com\/wp-content\/uploads\/2025\/02\/Depositphotos_115261602_XL-300x200.jpg 300w, https:\/\/fradevents.com\/wp-content\/uploads\/2025\/02\/Depositphotos_115261602_XL-1024x683.jpg 1024w, https:\/\/fradevents.com\/wp-content\/uploads\/2025\/02\/Depositphotos_115261602_XL-768x512.jpg 768w, https:\/\/fradevents.com\/wp-content\/uploads\/2025\/02\/Depositphotos_115261602_XL-1536x1024.jpg 1536w, https:\/\/fradevents.com\/wp-content\/uploads\/2025\/02\/Depositphotos_115261602_XL-2048x1365.jpg 2048w\" sizes=\"auto, (max-width: 2560px) 100vw, 2560px\" \/><\/figure>\n<\/div>\n\n\n\n<div class=\"wp-block-column is-layout-flow wp-block-column-is-layout-flow\" style=\"flex-basis:66.66%\">\n<div class=\"wp-block-group has-global-padding is-layout-constrained wp-block-group-is-layout-constrained\">\n<p><strong>jusqu\u2019\u00e0 21h00<\/strong><\/p>\n\n\n\n<p><strong>Pr\u00e9paration de la journ\u00e9e &#8211; <\/strong>1 personne.<strong><\/strong><\/p>\n\n\n\n<ul class=\"wp-block-list\">\n<li>Rapport jour J : coordonn\u00e9es liste des prestataires, planning et missions, installation et r\u00e9cup\u00e9ration du petit mat\u00e9riel, fiches annexes, plan A, B, plan de salle, plan de table, liste des photos, questionnaire musical, liste des enfants, h\u00e9bergements, navette, mails invit\u00e9s.<\/li>\n\n\n\n<li>1 Rendez-vous clients visio pour faire un premier point<\/li>\n\n\n\n<li>1 Rendez-vous clients sur les lieux pour le r\u00e9capitulatif et pour finaliser les documents, envoie du compte rendu prestataires.<\/li>\n\n\n\n<li>Prise de contact avec t\u00e9moins pour organisation surprises.<\/li>\n\n\n\n<li>V\u00e9rification et envoi compte rendu prestataires.<\/li>\n\n\n\n<li>Validation surprise des t\u00e9moins, infos parents\/animateurs, navette, h\u00e9bergements, cort\u00e8ge, v\u00e9rification des acc\u00e8s \u00e9glise\/mairie.<\/li>\n\n\n\n<li>Rendez-vous sur les lieux la semaine du jour J, r\u00e9cup\u00e9ration paiements des prestataires, remise du planning, guide apr\u00e8s mariage<\/li>\n<\/ul>\n\n\n\n<p><strong>Jour J &#8211; <\/strong>1 personne.<strong><\/strong><\/p>\n\n\n\n<ul class=\"wp-block-list\">\n<li>D\u00e9but \u00e0 partir de 9h<\/li>\n\n\n\n<li>Coordination des prestataires<\/li>\n\n\n\n<li>Gestion des invit\u00e9s et des mari\u00e9s<\/li>\n\n\n\n<li>Coordination des c\u00e9r\u00e9monies, du cort\u00e8ge, des musiques et des invit\u00e9s \u00e0 la c\u00e9r\u00e9monie civile, religieuse ou la\u00efque<\/li>\n\n\n\n<li>Gestion des surprises pendant le vin d&rsquo;honneur (point avec t\u00e9moins, traiteur et dj)<\/li>\n\n\n\n<li>Interm\u00e9diaire entre les futurs mari\u00e9s et les prestataires (pour distribution des paiements le jour J)<\/li>\n\n\n\n<li>D\u00e9part au passage \u00e0 table ou au plus tard \u00e0 21H00<\/li>\n<\/ul>\n\n\n\n<p><\/p>\n<\/div>\n<\/div>\n<\/div>\n\n\n\n<div class=\"wp-block-group alignfull has-medium-font-size is-layout-flow wp-block-group-is-layout-flow\">\n<h2 class=\"wp-block-heading has-text-align-center has-base-color has-contrast-background-color has-text-color has-background has-link-color has-large-font-size wp-elements-44409abd364740f98da2e5b26861dd9f\"><strong>LA COORDINATION =&gt;  LA SOIR\u00c9E DU MARIAGE <\/strong><\/h2>\n<\/div>\n\n\n\n<div class=\"wp-block-columns alignwide is-layout-flex wp-container-core-columns-is-layout-7777ad41 wp-block-columns-is-layout-flex\" style=\"padding-top:var(--wp--preset--spacing--20);padding-right:var(--wp--preset--spacing--50);padding-bottom:var(--wp--preset--spacing--20);padding-left:var(--wp--preset--spacing--50)\">\n<div class=\"wp-block-column is-layout-flow wp-block-column-is-layout-flow\" style=\"flex-basis:33.33%\">\n<figure class=\"wp-block-image size-full is-resized\"><img loading=\"lazy\" decoding=\"async\" width=\"2560\" height=\"1707\" src=\"https:\/\/fradevents.com\/wp-content\/uploads\/2025\/02\/Depositphotos_157025534_XL-scaled.jpg\" alt=\"\" class=\"wp-image-357\" style=\"width:350px\" srcset=\"https:\/\/fradevents.com\/wp-content\/uploads\/2025\/02\/Depositphotos_157025534_XL-scaled.jpg 2560w, https:\/\/fradevents.com\/wp-content\/uploads\/2025\/02\/Depositphotos_157025534_XL-300x200.jpg 300w, https:\/\/fradevents.com\/wp-content\/uploads\/2025\/02\/Depositphotos_157025534_XL-1024x683.jpg 1024w, https:\/\/fradevents.com\/wp-content\/uploads\/2025\/02\/Depositphotos_157025534_XL-768x512.jpg 768w, https:\/\/fradevents.com\/wp-content\/uploads\/2025\/02\/Depositphotos_157025534_XL-1536x1024.jpg 1536w, https:\/\/fradevents.com\/wp-content\/uploads\/2025\/02\/Depositphotos_157025534_XL-2048x1365.jpg 2048w\" sizes=\"auto, (max-width: 2560px) 100vw, 2560px\" \/><figcaption class=\"wp-element-caption\">Groom holds a hand of gorgeous bride while dancing before the guests<\/figcaption><\/figure>\n<\/div>\n\n\n\n<div class=\"wp-block-column is-layout-flow wp-block-column-is-layout-flow\" style=\"flex-basis:66.66%\">\n<div class=\"wp-block-group has-global-padding is-layout-constrained wp-block-group-is-layout-constrained\"><\/div>\n\n\n\n<ul class=\"wp-block-list\">\n<li>1 personne<\/li>\n\n\n\n<li>Du passage \u00e0 table ou au plus tard \u00e0 21H00<\/li>\n\n\n\n<li>Gestion des interventions\/surprises\/animation pour s&rsquo;assurer du bon d\u00e9roulement entre dj\/ma\u00eetre d\u2019h\u00f4tel\/invit\u00e9s<\/li>\n\n\n\n<li>Assurer le bon d\u00e9roulement des horaires fix\u00e9es avec les mari\u00e9s<\/li>\n\n\n\n<li>Gestion des prestataires, des invit\u00e9s et des moments cl\u00e9s<\/li>\n\n\n\n<li>Un repas prestataire \u00e0 pr\u00e9voir<\/li>\n\n\n\n<li>D\u00e9part ouverture du bal\/dessert \u00e0 00H00<\/li>\n<\/ul>\n\n\n\n<p><\/p>\n\n\n\n<p><\/p>\n\n\n\n<div class=\"wp-block-group has-global-padding is-layout-constrained wp-block-group-is-layout-constrained\">\n<p><\/p>\n<\/div>\n<\/div>\n<\/div>\n\n\n\n<div class=\"wp-block-group alignfull has-medium-font-size is-layout-flow wp-block-group-is-layout-flow\">\n<h2 class=\"wp-block-heading has-text-align-center has-base-color has-contrast-background-color has-text-color has-background has-link-color has-large-font-size wp-elements-c42cb17e3b21d19387e8026193c0ce0a\"><strong>LA COORDINATION =&gt;  LE BRUNCH DU LENDEMAIN<\/strong><\/h2>\n<\/div>\n\n\n\n<div class=\"wp-block-columns alignwide is-layout-flex wp-container-core-columns-is-layout-7777ad41 wp-block-columns-is-layout-flex\" style=\"padding-top:var(--wp--preset--spacing--20);padding-right:var(--wp--preset--spacing--50);padding-bottom:var(--wp--preset--spacing--20);padding-left:var(--wp--preset--spacing--50)\">\n<div class=\"wp-block-column is-layout-flow wp-block-column-is-layout-flow\" style=\"flex-basis:33.33%\">\n<figure class=\"wp-block-image size-full is-resized\"><img loading=\"lazy\" decoding=\"async\" width=\"2560\" height=\"1707\" src=\"https:\/\/fradevents.com\/wp-content\/uploads\/2025\/02\/Depositphotos_443596056_XL-scaled.jpg\" alt=\"\" class=\"wp-image-361\" style=\"width:350px\" srcset=\"https:\/\/fradevents.com\/wp-content\/uploads\/2025\/02\/Depositphotos_443596056_XL-scaled.jpg 2560w, https:\/\/fradevents.com\/wp-content\/uploads\/2025\/02\/Depositphotos_443596056_XL-300x200.jpg 300w, https:\/\/fradevents.com\/wp-content\/uploads\/2025\/02\/Depositphotos_443596056_XL-1024x683.jpg 1024w, https:\/\/fradevents.com\/wp-content\/uploads\/2025\/02\/Depositphotos_443596056_XL-768x512.jpg 768w, https:\/\/fradevents.com\/wp-content\/uploads\/2025\/02\/Depositphotos_443596056_XL-1536x1024.jpg 1536w, https:\/\/fradevents.com\/wp-content\/uploads\/2025\/02\/Depositphotos_443596056_XL-2048x1365.jpg 2048w\" sizes=\"auto, (max-width: 2560px) 100vw, 2560px\" \/><figcaption class=\"wp-element-caption\">Banquet in the restaurant. Various delicacies, snacks at the gala event. Catering.<\/figcaption><\/figure>\n<\/div>\n\n\n\n<div class=\"wp-block-column is-layout-flow wp-block-column-is-layout-flow\" style=\"flex-basis:66.66%\">\n<div class=\"wp-block-group has-global-padding is-layout-constrained wp-block-group-is-layout-constrained\"><\/div>\n\n\n\n<ul class=\"wp-block-list\">\n<li>1 personne (4h)<\/li>\n\n\n\n<li>Organisation avec prestataires<\/li>\n\n\n\n<li>Arriv\u00e9e 1h avant d\u00e9but prestation<\/li>\n\n\n\n<li>Installation du petit mat\u00e9rielle<\/li>\n\n\n\n<li>Coordination prestataires<\/li>\n\n\n\n<li>Guides invit\u00e9s<\/li>\n\n\n\n<li>D\u00e9part lors du passage \u00e0 table<\/li>\n\n\n\n<li>Retour pour rangement du petit mat\u00e9riel<\/li>\n<\/ul>\n\n\n\n<p><\/p>\n\n\n\n<p><\/p>\n\n\n\n<div class=\"wp-block-group has-global-padding is-layout-constrained wp-block-group-is-layout-constrained\">\n<p><\/p>\n<\/div>\n<\/div>\n<\/div>\n\n\n\n<p><\/p>\n\n\n\n<div class=\"wp-block-group alignfull has-base-color has-contrast-background-color has-text-color has-background has-link-color wp-elements-b6f3eec3d084857dd305a6fa085fd857 has-global-padding is-layout-constrained wp-container-core-group-is-layout-d89aad35 wp-block-group-is-layout-constrained\" style=\"margin-top:0;margin-bottom:0;padding-top:var(--wp--preset--spacing--50);padding-right:var(--wp--preset--spacing--50);padding-bottom:var(--wp--preset--spacing--50);padding-left:var(--wp--preset--spacing--50)\">\n<h2 class=\"wp-block-heading alignwide has-base-color has-text-color has-link-color wp-elements-178d32d43a72e81893f2ab6f41919a8c\" style=\"font-size:clamp(2.629rem, 2.629rem + ((1vw - 0.2rem) * 3.952), 5rem);letter-spacing:-0.02em\">FAQ<\/h2>\n\n\n\n<div class=\"wp-block-group alignwide is-layout-flow wp-block-group-is-layout-flow\">\n<hr class=\"wp-block-separator has-text-color has-base-color has-alpha-channel-opacity has-base-background-color has-background is-style-wide\" style=\"margin-top:var(--wp--preset--spacing--30);margin-bottom:var(--wp--preset--spacing--30)\"\/>\n\n\n\n<h3 class=\"wp-block-heading alignwide has-base-2-color has-text-color has-link-color wp-elements-036e1538dbccb32220d5bbb0c4fac11c\">Pourquoi faire appel \u00e0 un wedding planner ?<\/h3>\n\n\n\n<p class=\"has-contrast-1-color has-text-color has-link-color wp-elements-50a99a16b1f1ddb2e74308cd51e04ec3\">Organiser un mariage demande du temps, de la rigueur et une gestion minutieuse des impr\u00e9vus. En tant que wedding planner, je vous accompagne dans chaque \u00e9tape pour que votre journ\u00e9e soit \u00e0 la hauteur de vos attentes, sans stress.<\/p>\n\n\n\n<hr class=\"wp-block-separator has-text-color has-base-color has-alpha-channel-opacity has-base-background-color has-background is-style-wide\" style=\"margin-top:var(--wp--preset--spacing--30);margin-bottom:var(--wp--preset--spacing--30)\"\/>\n\n\n\n<h3 class=\"wp-block-heading alignwide has-base-2-color has-text-color has-link-color wp-elements-6ab98777e4b58f91f340c8ffb13f800d\">\u00c0 quel moment faut-il contacter un wedding planner ?<\/h3>\n\n\n\n<p class=\"has-contrast-1-color has-text-color has-link-color wp-elements-714d18a004e4e8cc5d20e273abe98220\">Id\u00e9alement, d\u00e8s que vous avez fix\u00e9 une date ou choisi votre lieu de r\u00e9ception. Plus t\u00f4t nous \u00e9changeons, plus nous avons de possibilit\u00e9s pour cr\u00e9er un mariage sur mesure.<\/p>\n\n\n\n<hr class=\"wp-block-separator has-text-color has-base-color has-alpha-channel-opacity has-base-background-color has-background is-style-wide\" style=\"margin-top:var(--wp--preset--spacing--30);margin-bottom:var(--wp--preset--spacing--30)\"\/>\n\n\n\n<h3 class=\"wp-block-heading alignwide has-base-2-color has-text-color has-link-color wp-elements-0eda529fdf82369ef15f60e86d480291\">Proposez-vous des formules personnalis\u00e9es ?<\/h3>\n\n\n\n<p class=\"has-contrast-1-color has-text-color has-link-color wp-elements-55920552423d816e30672b4c25a00b9e\">Oui ! Chaque mariage est unique, c\u2019est pourquoi je propose des prestations adapt\u00e9es \u00e0 vos besoins : organisation compl\u00e8te, coordination du jour J ou accompagnement partiel.<\/p>\n\n\n\n<hr class=\"wp-block-separator has-text-color has-base-color has-alpha-channel-opacity has-base-background-color has-background is-style-wide\" style=\"margin-top:var(--wp--preset--spacing--30);margin-bottom:var(--wp--preset--spacing--30)\"\/>\n\n\n\n<h3 class=\"wp-block-heading alignwide has-base-2-color has-text-color has-link-color wp-elements-d647c1a4c05aa0a9abe16d67a133fcf5\">Comment se d\u00e9roule la pr\u00e9paration avec vous ?<\/h3>\n\n\n\n<p class=\"has-contrast-1-color has-text-color has-link-color wp-elements-adacab095383fb40cedebc2d57aed5b7\">Nous \u00e9changeons d\u2019abord sur vos envies et votre budget. Ensuite, je vous accompagne avec un planning d\u00e9taill\u00e9, un agenda en ligne et un groupe WhatsApp pour un suivi fluide et personnalis\u00e9.<\/p>\n\n\n\n<div style=\"margin-top:var(--wp--preset--spacing--10);margin-bottom:0;height:var(--wp--preset--spacing--10)\" aria-hidden=\"true\" class=\"wp-block-spacer\"><\/div>\n\n\n\n<hr class=\"wp-block-separator has-text-color has-base-color has-alpha-channel-opacity has-base-background-color has-background is-style-wide\" style=\"margin-top:var(--wp--preset--spacing--30);margin-bottom:var(--wp--preset--spacing--30)\"\/>\n\n\n\n<h3 class=\"wp-block-heading alignwide has-base-2-color has-text-color has-link-color wp-elements-6d1ac24a6c9783a4f76257386a010f74\">Avez-vous un r\u00e9seau de prestataires ?<\/h3>\n\n\n\n<p class=\"has-contrast-1-color has-text-color has-link-color wp-elements-51ca8176416ddfa749a43634814f1700\">Oui, je travaille avec un r\u00e9seau de prestataires de confiance (traiteurs, photographes, d\u00e9corateurs, DJ\u2026) soigneusement s\u00e9lectionn\u00e9s pour garantir la qualit\u00e9 de votre mariage.<\/p>\n\n\n\n<div style=\"margin-top:var(--wp--preset--spacing--10);margin-bottom:0;height:var(--wp--preset--spacing--10)\" aria-hidden=\"true\" class=\"wp-block-spacer\"><\/div>\n\n\n\n<hr class=\"wp-block-separator has-text-color has-base-color has-alpha-channel-opacity has-base-background-color has-background is-style-wide\" style=\"margin-top:var(--wp--preset--spacing--30);margin-bottom:var(--wp--preset--spacing--30)\"\/>\n\n\n\n<h3 class=\"wp-block-heading alignwide has-base-2-color has-text-color has-link-color wp-elements-ba71ce4a5103a7de7feac10ef23485e8\">\u00cates-vous pr\u00e9sent le jour J ?<\/h3>\n\n\n\n<p class=\"has-contrast-1-color has-text-color has-link-color wp-elements-a85676f814c265111644a37fb5a5084c\">Oui, je suis pr\u00e9sent pour coordonner les prestataires, g\u00e9rer les impr\u00e9vus et vous permettre de profiter pleinement de votre journ\u00e9e sans stress.<\/p>\n\n\n\n<div style=\"margin-top:var(--wp--preset--spacing--10);margin-bottom:0;height:var(--wp--preset--spacing--10)\" aria-hidden=\"true\" class=\"wp-block-spacer\"><\/div>\n\n\n\n<hr class=\"wp-block-separator has-text-color has-base-color has-alpha-channel-opacity has-base-background-color has-background is-style-wide\" style=\"margin-top:var(--wp--preset--spacing--30);margin-bottom:var(--wp--preset--spacing--30)\"\/>\n\n\n\n<h3 class=\"wp-block-heading alignwide has-base-2-color has-text-color has-link-color wp-elements-c980668ad6e7208714ee6434f680c7e8\">Jusqu\u2019\u00e0 quelle heure \u00eates-vous pr\u00e9sent le jour du mariage ?<\/h3>\n\n\n\n<p class=\"has-contrast-1-color has-text-color has-link-color wp-elements-96dcf61f14320f843db94f1e8f1a6a54\">Je suis pr\u00e9sent jusqu\u2019au passage \u00e0 table ou au plus tard \u00e0 <strong>21h00<\/strong>. Une option est disponible pour assurer la coordination jusqu\u2019\u00e0 <strong>00h00<\/strong>.<\/p>\n\n\n\n<div style=\"margin-top:var(--wp--preset--spacing--10);margin-bottom:0;height:var(--wp--preset--spacing--10)\" aria-hidden=\"true\" class=\"wp-block-spacer\"><\/div>\n\n\n\n<hr class=\"wp-block-separator has-text-color has-base-color has-alpha-channel-opacity has-base-background-color has-background is-style-wide\" style=\"margin-top:var(--wp--preset--spacing--30);margin-bottom:var(--wp--preset--spacing--30)\"\/>\n\n\n\n<h3 class=\"wp-block-heading alignwide has-base-2-color has-text-color has-link-color wp-elements-9afe6b004d939c169d6214c146d4b2bf\">Pouvez-vous g\u00e9rer les surprises et animations pr\u00e9vues par nos proches ?<\/h3>\n\n\n\n<p class=\"has-contrast-1-color has-text-color has-link-color wp-elements-8b60f5bd50e0dbe1a1b4cf32eb1a8c3c\">Bien s\u00fbr ! Je prends contact avec vos t\u00e9moins pour coordonner les animations et m\u2019assurer qu\u2019elles s\u2019int\u00e8grent parfaitement au d\u00e9roul\u00e9 de votre journ\u00e9e.<\/p>\n\n\n\n<div style=\"margin-top:var(--wp--preset--spacing--10);margin-bottom:0;height:var(--wp--preset--spacing--10)\" aria-hidden=\"true\" class=\"wp-block-spacer\"><\/div>\n\n\n\n<hr class=\"wp-block-separator has-text-color has-base-color has-alpha-channel-opacity has-base-background-color has-background is-style-wide\" style=\"margin-top:var(--wp--preset--spacing--30);margin-bottom:var(--wp--preset--spacing--30)\"\/>\n\n\n\n<h3 class=\"wp-block-heading alignwide has-base-2-color has-text-color has-link-color wp-elements-d7c1dd2b9d692757e3c8c9c99790fc11\">Quel est le budget pour faire appel \u00e0 vos services ?<\/h3>\n\n\n\n<p class=\"has-contrast-1-color has-text-color has-link-color wp-elements-a4f7506cc38a7f78d01140a6add844be\">Le co\u00fbt varie selon la prestation choisie et vos besoins sp\u00e9cifiques. Un devis personnalis\u00e9 est \u00e9tabli apr\u00e8s notre premier \u00e9change gratuit.<\/p>\n\n\n\n<p class=\"has-contrast-1-color has-text-color has-link-color wp-elements-f27c536bfb589b275da6fbe1b4b602b0\">Si vous avez d\u2019autres questions, n\u2019h\u00e9sitez pas \u00e0 me contacter ! \ud83d\ude0a<\/p>\n\n\n\n<div style=\"margin-top:var(--wp--preset--spacing--10);margin-bottom:0;height:var(--wp--preset--spacing--10)\" aria-hidden=\"true\" class=\"wp-block-spacer\"><\/div>\n<\/div>\n<\/div>\n\n\n\n<div class=\"wp-block-group alignfull has-global-padding is-layout-constrained wp-container-core-group-is-layout-d89aad35 wp-block-group-is-layout-constrained\" style=\"margin-top:0;margin-bottom:0;padding-top:var(--wp--preset--spacing--50);padding-right:var(--wp--preset--spacing--50);padding-bottom:var(--wp--preset--spacing--50);padding-left:var(--wp--preset--spacing--50)\"><\/div>\n","protected":false},"excerpt":{"rendered":"<p>Organiser un mariage est une aventure unique, remplie d\u2019\u00e9motions et de d\u00e9tails \u00e0 orchestrer. En tant que wedding planner, mon r\u00f4le est de vous accompagner \u00e0 chaque \u00e9tape pour cr\u00e9er un \u00e9v\u00e9nement \u00e0 votre image, sans stress et en toute s\u00e9r\u00e9nit\u00e9. De la planification minutieuse \u00e0 la coordination du jour J, je mets \u00e0 votre [&hellip;]<\/p>\n","protected":false},"author":1,"featured_media":0,"parent":0,"menu_order":0,"comment_status":"closed","ping_status":"closed","template":"","meta":{"footnotes":""},"class_list":["post-325","page","type-page","status-publish","hentry"],"_links":{"self":[{"href":"https:\/\/fradevents.com\/index.php\/wp-json\/wp\/v2\/pages\/325","targetHints":{"allow":["GET"]}}],"collection":[{"href":"https:\/\/fradevents.com\/index.php\/wp-json\/wp\/v2\/pages"}],"about":[{"href":"https:\/\/fradevents.com\/index.php\/wp-json\/wp\/v2\/types\/page"}],"author":[{"embeddable":true,"href":"https:\/\/fradevents.com\/index.php\/wp-json\/wp\/v2\/users\/1"}],"replies":[{"embeddable":true,"href":"https:\/\/fradevents.com\/index.php\/wp-json\/wp\/v2\/comments?post=325"}],"version-history":[{"count":39,"href":"https:\/\/fradevents.com\/index.php\/wp-json\/wp\/v2\/pages\/325\/revisions"}],"predecessor-version":[{"id":680,"href":"https:\/\/fradevents.com\/index.php\/wp-json\/wp\/v2\/pages\/325\/revisions\/680"}],"wp:attachment":[{"href":"https:\/\/fradevents.com\/index.php\/wp-json\/wp\/v2\/media?parent=325"}],"curies":[{"name":"wp","href":"https:\/\/api.w.org\/{rel}","templated":true}]}}